{"id":9486,"date":"2025-11-03T20:31:08","date_gmt":"2025-11-03T23:31:08","guid":{"rendered":"https:\/\/amplitudmodulada.com.ar\/?page_id=9486"},"modified":"2025-11-03T20:51:04","modified_gmt":"2025-11-03T23:51:04","slug":"noticia13980","status":"publish","type":"page","link":"https:\/\/amplitudmodulada.com.ar\/index.php\/noticia13980\/","title":{"rendered":"El senador Carlos Linares denunci\u00f3 la grave situaci\u00f3n que atraviesa LU4 Radio Nacional Patagonia"},"content":{"rendered":"\n<figure class=\"wp-block-image size-full\"><img loading=\"lazy\" decoding=\"async\" width=\"110\" height=\"110\" src=\"http:\/\/amplitudmodulada.com.ar\/wp-content\/uploads\/2024\/10\/LRA-e1728000015658.jpg\" alt=\"\" class=\"wp-image-4179\"\/><\/figure>\n\n\n\n<p>El senador por Chubut Carlos Linares alert\u00f3 este mi\u00e9rcoles  en la Comisi\u00f3n de Medios de Comunicaci\u00f3n y Libertad de Expresi\u00f3n de la C\u00e1mara de Senadores sobre la grave situaci\u00f3n que atraviesa LU4 Radio Nacional Patagonia de Comodoro Rivadavia.<\/p>\n\n\n\n<p>El legislador denunci\u00f3 que en el d\u00eda de ayer la emisora p\u00fablica qued\u00f3 fuera del aire tras el corte de suministro de energ\u00eda el\u00e9ctrica por falta de pago.<\/p>\n\n\n\n<p>&#8220;En este momento le han cortado la luz, por lo tanto hace cuarenta y ocho horas que no est\u00e1 funcionando&#8221;, precis\u00f3 el senador.<\/p>\n\n\n\n<p>En ese sentido, asegur\u00f3 que &#8220;estamos poniendo en juego una historia grande de Comodoro Rivadavia y de una radio que cuenta con el cari\u00f1o de todos los patag\u00f3nicos&#8221;.<\/p>\n\n\n\n<p>Fuente: <a href=\"http:\/\/www.lu17.com\" data-type=\"link\" data-id=\"www.lu17.com\" target=\"_blank\" rel=\"noreferrer noopener\">www.lu17.com<\/a> | Puerto Madryn &#8211; Chubut | 17.09.25  <\/p>\n","protected":false},"excerpt":{"rendered":"<p>El senador por Chubut Carlos Linares alert\u00f3 este mi\u00e9rcoles en la Comisi\u00f3n de Medios de Comunicaci\u00f3n y Libertad de Expresi\u00f3n de la C\u00e1mara de Senadores sobre la grave situaci\u00f3n que atraviesa LU4 Radio Nacional Patagonia de Comodoro Rivadavia. El legislador denunci\u00f3 que en el d\u00eda de ayer la emisora p\u00fablica qued\u00f3 fuera del aire tras &hellip; <a href=\"https:\/\/amplitudmodulada.com.ar\/index.php\/noticia13980\/\" class=\"more-link\">Continu\u00e1 leyendo <span class=\"screen-reader-text\">El senador Carlos Linares denunci\u00f3 la grave situaci\u00f3n que atraviesa LU4 Radio Nacional Patagonia<\/span><\/a><\/p>\n","protected":false},"author":1,"featured_media":0,"parent":0,"menu_order":0,"comment_status":"closed","ping_status":"closed","template":"","meta":{"footnotes":""},"class_list":["post-9486","page","type-page","status-publish","hentry"],"_links":{"self":[{"href":"https:\/\/amplitudmodulada.com.ar\/index.php\/wp-json\/wp\/v2\/pages\/9486","targetHints":{"allow":["GET"]}}],"collection":[{"href":"https:\/\/amplitudmodulada.com.ar\/index.php\/wp-json\/wp\/v2\/pages"}],"about":[{"href":"https:\/\/amplitudmodulada.com.ar\/index.php\/wp-json\/wp\/v2\/types\/page"}],"author":[{"embeddable":true,"href":"https:\/\/amplitudmodulada.com.ar\/index.php\/wp-json\/wp\/v2\/users\/1"}],"replies":[{"embeddable":true,"href":"https:\/\/amplitudmodulada.com.ar\/index.php\/wp-json\/wp\/v2\/comments?post=9486"}],"version-history":[{"count":4,"href":"https:\/\/amplitudmodulada.com.ar\/index.php\/wp-json\/wp\/v2\/pages\/9486\/revisions"}],"predecessor-version":[{"id":9494,"href":"https:\/\/amplitudmodulada.com.ar\/index.php\/wp-json\/wp\/v2\/pages\/9486\/revisions\/9494"}],"wp:attachment":[{"href":"https:\/\/amplitudmodulada.com.ar\/index.php\/wp-json\/wp\/v2\/media?parent=9486"}],"curies":[{"name":"wp","href":"https:\/\/api.w.org\/{rel}","templated":true}]}}