{"id":9676,"date":"2025-11-22T20:53:10","date_gmt":"2025-11-22T23:53:10","guid":{"rendered":"https:\/\/amplitudmodulada.com.ar\/?page_id=9676"},"modified":"2025-11-22T20:59:50","modified_gmt":"2025-11-22T23:59:50","slug":"noticia14006","status":"publish","type":"page","link":"https:\/\/amplitudmodulada.com.ar\/index.php\/noticia14006\/","title":{"rendered":"Marcela Feudale se incorpora a la grilla de programaci\u00f3n de Radio 10"},"content":{"rendered":"\n<figure class=\"wp-block-image size-full\"><img loading=\"lazy\" decoding=\"async\" width=\"126\" height=\"80\" src=\"http:\/\/amplitudmodulada.com.ar\/wp-content\/uploads\/2024\/01\/710-e1704587121920.png\" alt=\"\" class=\"wp-image-122\"\/><\/figure>\n\n\n\n<p>La locutora y periodista Marcela Feudale se suma a la grilla de programaci\u00f3n de LRL202 Radio 10. Conducir\u00e1 a partir del lunes 3 de noviembre &#8220;Feudal\u00edsima&#8221;, que se emitir\u00e1 de lunes a jueves de 20.00 a 22.00 horas.<\/p>\n\n\n\n<p>En el nuevo ciclo, Marcela Feudale estar\u00e1 acompa\u00f1ada por Jorge Halper\u00edn, Valeria Delgado, Sebasti\u00e1n Fern\u00e1ndez y Osvaldo Pr\u00edncipi, entre otros.<\/p>\n\n\n\n<p>En tanto, el programa &#8220;20-22&#8221;, que conduce Marcelo Galende junto a la locutora Florencia Ib\u00e1\u00f1ez, saldr\u00e1 al aire de 22.00 a 24.00 horas.<\/p>\n\n\n\n<p>Se desconoce a\u00fan, cu\u00e1l ser\u00e1 el futuro de &#8220;Radio 10 de Noche&#8221;, el ciclo que conduce actualmente Fernando Alonso en esta \u00faltima franja horaria.<\/p>\n\n\n\n<p>Fuente: <a href=\"http:\/\/www.lanacion.com.ar\" data-type=\"link\" data-id=\"www.lanacion.com.ar\" target=\"_blank\" rel=\"noreferrer noopener\">www.lanacion.com.ar<\/a> | Ciudad Aut\u00f3noma de Buenos Aires | 14.10.25<\/p>\n","protected":false},"excerpt":{"rendered":"<p>La locutora y periodista Marcela Feudale se suma a la grilla de programaci\u00f3n de LRL202 Radio 10. Conducir\u00e1 a partir del lunes 3 de noviembre &#8220;Feudal\u00edsima&#8221;, que se emitir\u00e1 de lunes a jueves de 20.00 a 22.00 horas. En el nuevo ciclo, Marcela Feudale estar\u00e1 acompa\u00f1ada por Jorge Halper\u00edn, Valeria Delgado, Sebasti\u00e1n Fern\u00e1ndez y Osvaldo &hellip; <a href=\"https:\/\/amplitudmodulada.com.ar\/index.php\/noticia14006\/\" class=\"more-link\">Continu\u00e1 leyendo <span class=\"screen-reader-text\">Marcela Feudale se incorpora a la grilla de programaci\u00f3n de Radio 10<\/span><\/a><\/p>\n","protected":false},"author":1,"featured_media":0,"parent":0,"menu_order":0,"comment_status":"closed","ping_status":"closed","template":"","meta":{"footnotes":""},"class_list":["post-9676","page","type-page","status-publish","hentry"],"_links":{"self":[{"href":"https:\/\/amplitudmodulada.com.ar\/index.php\/wp-json\/wp\/v2\/pages\/9676","targetHints":{"allow":["GET"]}}],"collection":[{"href":"https:\/\/amplitudmodulada.com.ar\/index.php\/wp-json\/wp\/v2\/pages"}],"about":[{"href":"https:\/\/amplitudmodulada.com.ar\/index.php\/wp-json\/wp\/v2\/types\/page"}],"author":[{"embeddable":true,"href":"https:\/\/amplitudmodulada.com.ar\/index.php\/wp-json\/wp\/v2\/users\/1"}],"replies":[{"embeddable":true,"href":"https:\/\/amplitudmodulada.com.ar\/index.php\/wp-json\/wp\/v2\/comments?post=9676"}],"version-history":[{"count":3,"href":"https:\/\/amplitudmodulada.com.ar\/index.php\/wp-json\/wp\/v2\/pages\/9676\/revisions"}],"predecessor-version":[{"id":9681,"href":"https:\/\/amplitudmodulada.com.ar\/index.php\/wp-json\/wp\/v2\/pages\/9676\/revisions\/9681"}],"wp:attachment":[{"href":"https:\/\/amplitudmodulada.com.ar\/index.php\/wp-json\/wp\/v2\/media?parent=9676"}],"curies":[{"name":"wp","href":"https:\/\/api.w.org\/{rel}","templated":true}]}}