{"id":9691,"date":"2025-11-23T12:47:34","date_gmt":"2025-11-23T15:47:34","guid":{"rendered":"https:\/\/amplitudmodulada.com.ar\/?page_id=9691"},"modified":"2025-11-23T12:56:18","modified_gmt":"2025-11-23T15:56:18","slug":"noticia14008","status":"publish","type":"page","link":"https:\/\/amplitudmodulada.com.ar\/index.php\/noticia14008\/","title":{"rendered":"Alejandro Dolina presentar\u00e1 &#8220;La Venganza Ser\u00e1 Terrible&#8221; en La Bombonera"},"content":{"rendered":"\n<figure class=\"wp-block-image size-full is-style-rounded\"><img loading=\"lazy\" decoding=\"async\" width=\"144\" height=\"75\" src=\"http:\/\/amplitudmodulada.com.ar\/wp-content\/uploads\/2024\/01\/750-e1705525955651.jpg\" alt=\"\" class=\"wp-image-348\"\/><\/figure>\n\n\n\n<p>El escritor y conductor radial Alejandro Dolina presentar\u00e1 este mi\u00e9rcoles 15 de octubre a las 20.30 horas su programa &#8220;La Venganza Ser\u00e1 Terrible&#8221; en La Bombonera, la m\u00edtica cancha de Boca Juniors.<\/p>\n\n\n\n<p>&#8220;Para nosotros, es algo raro mezclar dos cosas tan apasionantes para m\u00ed, como son la radio y el f\u00fatbol, el cari\u00f1o por un club&#8221;, se\u00f1al\u00f3 Alejandro Dolina, en di\u00e1logo con LRL203 AM 750.<\/p>\n\n\n\n<p>En ese sentido, record\u00f3 que &#8220;he estado all\u00ed el a\u00f1o pasado con mucha suerte, con mucho \u00e9xito&#8221; y expres\u00f3 su deseo de que &#8220;esta noche podamos hacer algo que valga la pena&#8221;.<\/p>\n\n\n\n<p>&#8220;Ma\u00f1ana jueves en El Picadero estamos con La Noche Extraviada o Los Libretistas del Mundo. Hemos tenido una respuesta de la gente que emociona&#8221;, cerr\u00f3 el conductor radial con una invitaci\u00f3n a su obra teatral.<\/p>\n\n\n\n<p>El programa &#8220;La Venganza Ser\u00e1 Terrible&#8221; se emite habitualmente de martes a s\u00e1bado de 0.00 a 2.00 horas por AM 750.<\/p>\n\n\n\n<p>Fuente: <a href=\"http:\/\/www.pagina12.com.ar\" data-type=\"link\" data-id=\"www.pagina12.com.ar\" target=\"_blank\" rel=\"noreferrer noopener\">www.pagina12.com.ar<\/a> | Ciudad Aut\u00f3noma de Buenos Aires | 15.10.25<\/p>\n","protected":false},"excerpt":{"rendered":"<p>El escritor y conductor radial Alejandro Dolina presentar\u00e1 este mi\u00e9rcoles 15 de octubre a las 20.30 horas su programa &#8220;La Venganza Ser\u00e1 Terrible&#8221; en La Bombonera, la m\u00edtica cancha de Boca Juniors. &#8220;Para nosotros, es algo raro mezclar dos cosas tan apasionantes para m\u00ed, como son la radio y el f\u00fatbol, el cari\u00f1o por un &hellip; <a href=\"https:\/\/amplitudmodulada.com.ar\/index.php\/noticia14008\/\" class=\"more-link\">Continu\u00e1 leyendo <span class=\"screen-reader-text\">Alejandro Dolina presentar\u00e1 &#8220;La Venganza Ser\u00e1 Terrible&#8221; en La Bombonera<\/span><\/a><\/p>\n","protected":false},"author":1,"featured_media":0,"parent":0,"menu_order":0,"comment_status":"closed","ping_status":"closed","template":"","meta":{"footnotes":""},"class_list":["post-9691","page","type-page","status-publish","hentry"],"_links":{"self":[{"href":"https:\/\/amplitudmodulada.com.ar\/index.php\/wp-json\/wp\/v2\/pages\/9691","targetHints":{"allow":["GET"]}}],"collection":[{"href":"https:\/\/amplitudmodulada.com.ar\/index.php\/wp-json\/wp\/v2\/pages"}],"about":[{"href":"https:\/\/amplitudmodulada.com.ar\/index.php\/wp-json\/wp\/v2\/types\/page"}],"author":[{"embeddable":true,"href":"https:\/\/amplitudmodulada.com.ar\/index.php\/wp-json\/wp\/v2\/users\/1"}],"replies":[{"embeddable":true,"href":"https:\/\/amplitudmodulada.com.ar\/index.php\/wp-json\/wp\/v2\/comments?post=9691"}],"version-history":[{"count":4,"href":"https:\/\/amplitudmodulada.com.ar\/index.php\/wp-json\/wp\/v2\/pages\/9691\/revisions"}],"predecessor-version":[{"id":9697,"href":"https:\/\/amplitudmodulada.com.ar\/index.php\/wp-json\/wp\/v2\/pages\/9691\/revisions\/9697"}],"wp:attachment":[{"href":"https:\/\/amplitudmodulada.com.ar\/index.php\/wp-json\/wp\/v2\/media?parent=9691"}],"curies":[{"name":"wp","href":"https:\/\/api.w.org\/{rel}","templated":true}]}}