{"id":9700,"date":"2025-11-23T13:50:13","date_gmt":"2025-11-23T16:50:13","guid":{"rendered":"https:\/\/amplitudmodulada.com.ar\/?page_id=9700"},"modified":"2025-11-23T14:54:39","modified_gmt":"2025-11-23T17:54:39","slug":"noticia14009","status":"publish","type":"page","link":"https:\/\/amplitudmodulada.com.ar\/index.php\/noticia14009\/","title":{"rendered":"El programa &#8220;Alero Huarpe&#8221; cumple sesenta a\u00f1os en el aire"},"content":{"rendered":"\n<figure class=\"wp-block-image size-full\"><img loading=\"lazy\" decoding=\"async\" width=\"120\" height=\"110\" src=\"http:\/\/amplitudmodulada.com.ar\/wp-content\/uploads\/2024\/08\/LV1-e1725041717297.png\" alt=\"\" class=\"wp-image-3561\"\/><\/figure>\n\n\n\n<p>El programa &#8220;Alero Huarpe&#8221;, que conduce Jorge Dar\u00edo Bence, el Aparcero Mayor de Am\u00e9rica, cumple este jueves 16 de octubre sesenta a\u00f1os en el aire, lo que lo erige como el ciclo m\u00e1s antiguo de la radiofon\u00eda mundial conducido ininterrumpidamente por su creador.<\/p>\n\n\n\n<p>Detr\u00e1s del seud\u00f3nimo de Jorge Dar\u00edo Bence, se encuentra Jorge Pascual Recabarren, un hombre que ha dedicado su existencia a la radio y a la defensa del acervo cultural del gran oeste argentino.<\/p>\n\n\n\n<p>Con una trayectoria que abarca alrededor de ocho d\u00e9cadas, Jorge Dar\u00edo Bence comenz\u00f3 su carrera en el mundo del radioteatro, una escuela que forj\u00f3 su talento y su particular estilo.<\/p>\n\n\n\n<p>&#8220;Alero Huarpe&#8221;, naci\u00f3 en LV5 Radio Sarmiento, pas\u00f3 por LV1 Radio Col\u00f3n, extend\u00f3 sus redes a Mendoza y actualemente se emite por la emisora de Frecuencia Modulada de San Juan Radio Activa.<\/p>\n\n\n\n<p>El pr\u00f3ximo 2 de noviembre, Jorge Dar\u00edo Bence cumplir\u00e1 95 a\u00f1os y es en su honor que en esa fecha se celebra el D\u00eda del Gaucho Cuyano.<\/p>\n\n\n\n<p>Su relevancia cultural ha trascendido las fronteras provinciales y ha sido distinguido por el Congreso de la Naci\u00f3n como Pr\u00f3cer de la Cultura Federal.<\/p>\n\n\n\n<p>Fuente: <a href=\"http:\/\/www.tiempodesanjuan.com\" data-type=\"link\" data-id=\"www.tiempodesanjuan.com\" target=\"_blank\" rel=\"noreferrer noopener\">www.tiempodesanjuan.com<\/a> | San Juan &#8211; San Juan | 16.10.25<\/p>\n","protected":false},"excerpt":{"rendered":"<p>El programa &#8220;Alero Huarpe&#8221;, que conduce Jorge Dar\u00edo Bence, el Aparcero Mayor de Am\u00e9rica, cumple este jueves 16 de octubre sesenta a\u00f1os en el aire, lo que lo erige como el ciclo m\u00e1s antiguo de la radiofon\u00eda mundial conducido ininterrumpidamente por su creador. Detr\u00e1s del seud\u00f3nimo de Jorge Dar\u00edo Bence, se encuentra Jorge Pascual Recabarren, &hellip; <a href=\"https:\/\/amplitudmodulada.com.ar\/index.php\/noticia14009\/\" class=\"more-link\">Continu\u00e1 leyendo <span class=\"screen-reader-text\">El programa &#8220;Alero Huarpe&#8221; cumple sesenta a\u00f1os en el aire<\/span><\/a><\/p>\n","protected":false},"author":1,"featured_media":0,"parent":0,"menu_order":0,"comment_status":"closed","ping_status":"closed","template":"","meta":{"footnotes":""},"class_list":["post-9700","page","type-page","status-publish","hentry"],"_links":{"self":[{"href":"https:\/\/amplitudmodulada.com.ar\/index.php\/wp-json\/wp\/v2\/pages\/9700","targetHints":{"allow":["GET"]}}],"collection":[{"href":"https:\/\/amplitudmodulada.com.ar\/index.php\/wp-json\/wp\/v2\/pages"}],"about":[{"href":"https:\/\/amplitudmodulada.com.ar\/index.php\/wp-json\/wp\/v2\/types\/page"}],"author":[{"embeddable":true,"href":"https:\/\/amplitudmodulada.com.ar\/index.php\/wp-json\/wp\/v2\/users\/1"}],"replies":[{"embeddable":true,"href":"https:\/\/amplitudmodulada.com.ar\/index.php\/wp-json\/wp\/v2\/comments?post=9700"}],"version-history":[{"count":4,"href":"https:\/\/amplitudmodulada.com.ar\/index.php\/wp-json\/wp\/v2\/pages\/9700\/revisions"}],"predecessor-version":[{"id":9707,"href":"https:\/\/amplitudmodulada.com.ar\/index.php\/wp-json\/wp\/v2\/pages\/9700\/revisions\/9707"}],"wp:attachment":[{"href":"https:\/\/amplitudmodulada.com.ar\/index.php\/wp-json\/wp\/v2\/media?parent=9700"}],"curies":[{"name":"wp","href":"https:\/\/api.w.org\/{rel}","templated":true}]}}