{"id":9728,"date":"2025-11-24T13:27:21","date_gmt":"2025-11-24T16:27:21","guid":{"rendered":"https:\/\/amplitudmodulada.com.ar\/?page_id=9728"},"modified":"2025-11-24T13:35:27","modified_gmt":"2025-11-24T16:35:27","slug":"noticia14013","status":"publish","type":"page","link":"https:\/\/amplitudmodulada.com.ar\/index.php\/noticia14013\/","title":{"rendered":"LU22 Radio Tandil brindar\u00e1 una cobertura especial de las elecciones legislativas"},"content":{"rendered":"\n<figure class=\"wp-block-image size-full\"><img loading=\"lazy\" decoding=\"async\" width=\"129\" height=\"100\" src=\"http:\/\/amplitudmodulada.com.ar\/wp-content\/uploads\/2024\/01\/LU22-e1704503606907.png\" alt=\"\" class=\"wp-image-32\"\/><\/figure>\n\n\n\n<p>LU22 Radio Tandil ofrecer\u00e1 a su audiencia la cobertura m\u00e1s completa de las elecciones legislativas de este domingo, con un despliegue period\u00edstico y t\u00e9cnico de primer nivel.<\/p>\n\n\n\n<p>Desde las 7.00 horas, los m\u00f3viles de Radio Tandil recorrerr\u00e1n los centros de votaci\u00f3n para acercar la palabra de los protagonistas, con informes en vivo, an\u00e1lisis y la evoluci\u00f3n del voto minuto a minuto.<\/p>\n\n\n\n<p>La transmisi\u00f3n contar\u00e1 con el aporte de especialistas a nivel nacional e internacional, que brindar\u00e1n una mirada amplia y contextual del acto eleccionario.<\/p>\n\n\n\n<p>Adem\u00e1s, la jornada de este domingo marcar\u00e1 el regreso radial de los periodistas Javier Pianta y Javier Levigna.<\/p>\n\n\n\n<p>La transmisi\u00f3n especial de Radio Tandil podr\u00e1 seguirse a trav\u00e9s de las dos se\u00f1ales de la emisora, 1140 Khz. y 97.1 Mhz.<\/p>\n\n\n\n<p>Fuente: <a href=\"http:\/\/www.lu22.com.ar\" data-type=\"link\" data-id=\"www.lu22.com.ar\" target=\"_blank\" rel=\"noreferrer noopener\">www.lu22.com.ar<\/a> | Tandil &#8211; Buenos Aires | 22.10.25<\/p>\n\n\n\n<p><\/p>\n","protected":false},"excerpt":{"rendered":"<p>LU22 Radio Tandil ofrecer\u00e1 a su audiencia la cobertura m\u00e1s completa de las elecciones legislativas de este domingo, con un despliegue period\u00edstico y t\u00e9cnico de primer nivel. Desde las 7.00 horas, los m\u00f3viles de Radio Tandil recorrerr\u00e1n los centros de votaci\u00f3n para acercar la palabra de los protagonistas, con informes en vivo, an\u00e1lisis y la &hellip; <a href=\"https:\/\/amplitudmodulada.com.ar\/index.php\/noticia14013\/\" class=\"more-link\">Continu\u00e1 leyendo <span class=\"screen-reader-text\">LU22 Radio Tandil brindar\u00e1 una cobertura especial de las elecciones legislativas<\/span><\/a><\/p>\n","protected":false},"author":1,"featured_media":0,"parent":0,"menu_order":0,"comment_status":"closed","ping_status":"closed","template":"","meta":{"footnotes":""},"class_list":["post-9728","page","type-page","status-publish","hentry"],"_links":{"self":[{"href":"https:\/\/amplitudmodulada.com.ar\/index.php\/wp-json\/wp\/v2\/pages\/9728","targetHints":{"allow":["GET"]}}],"collection":[{"href":"https:\/\/amplitudmodulada.com.ar\/index.php\/wp-json\/wp\/v2\/pages"}],"about":[{"href":"https:\/\/amplitudmodulada.com.ar\/index.php\/wp-json\/wp\/v2\/types\/page"}],"author":[{"embeddable":true,"href":"https:\/\/amplitudmodulada.com.ar\/index.php\/wp-json\/wp\/v2\/users\/1"}],"replies":[{"embeddable":true,"href":"https:\/\/amplitudmodulada.com.ar\/index.php\/wp-json\/wp\/v2\/comments?post=9728"}],"version-history":[{"count":3,"href":"https:\/\/amplitudmodulada.com.ar\/index.php\/wp-json\/wp\/v2\/pages\/9728\/revisions"}],"predecessor-version":[{"id":9732,"href":"https:\/\/amplitudmodulada.com.ar\/index.php\/wp-json\/wp\/v2\/pages\/9728\/revisions\/9732"}],"wp:attachment":[{"href":"https:\/\/amplitudmodulada.com.ar\/index.php\/wp-json\/wp\/v2\/media?parent=9728"}],"curies":[{"name":"wp","href":"https:\/\/api.w.org\/{rel}","templated":true}]}}