{"id":9771,"date":"2025-11-26T20:29:07","date_gmt":"2025-11-26T23:29:07","guid":{"rendered":"https:\/\/amplitudmodulada.com.ar\/?page_id=9771"},"modified":"2025-11-26T20:39:08","modified_gmt":"2025-11-26T23:39:08","slug":"noticia14017","status":"publish","type":"page","link":"https:\/\/amplitudmodulada.com.ar\/index.php\/noticia14017\/","title":{"rendered":"AM 530 Somos Radio realiz\u00f3 una hist\u00f3rica transmisi\u00f3n federal de las elecciones legislativas"},"content":{"rendered":"\n<figure class=\"wp-block-image size-full\"><img loading=\"lazy\" decoding=\"async\" width=\"144\" height=\"90\" src=\"http:\/\/amplitudmodulada.com.ar\/wp-content\/uploads\/2024\/02\/530-e1708894455991.png\" alt=\"\" class=\"wp-image-1022\"\/><\/figure>\n\n\n\n<p>Con la participaci\u00f3n de una red de veinticinco emisoras distribuidas en todo el pa\u00eds, AM 530 Somos Radio realiz\u00f3 este domingo una cobertura federal hist\u00f3rica de las elecciones legislativas junto a la Asociaci\u00f3n de Radios Universitarias Nacionales Argentinas (ARUNA).<\/p>\n\n\n\n<p>La transmisi\u00f3n se extendi\u00f3 desde el comienzo de los comicios, con periodistas y corresponsales en todas las provincias, en un operativo conjunto que llen\u00f3 el vac\u00edo dejado por los medios p\u00fablicos, seg\u00fan denunciaron los propios trabajadores de Radio Nacional.<\/p>\n\n\n\n<p>Desde el comienzo de los comicios, distintos corresponsales de ARUNA informaron sobre los aspectos distintivos del acto electoral en sus regiones.<\/p>\n\n\n\n<p>Por ejemplo, desde Tierra del Fuego, Florencia Basso, de la Universidad Nacional de Tierra del Fuego, destac\u00f3 que &#8220;es la primera vez que se vota con boleta \u00fanica y la jornada de desarroll\u00f3 con tranquilidad&#8221;, en tanto que Andrea Su\u00e1rez, de la Universidad Nacional de Jujuy, inform\u00f3 que &#8220;vot\u00f3 el 66% del padr\u00f3n provincial, lo que represent\u00f3 una mayor participaci\u00f3n electoral que en la contienda provincial&#8221;.<\/p>\n\n\n\n<p>Esta transmisi\u00f3n federal se consolid\u00f3 como una alternativa informativa que prioriz\u00f3 la mirada local y el trabajo de los medios p\u00fablicos universitarios.<\/p>\n\n\n\n<p>Fuente: <a href=\"http:\/\/www.am530somosradio.com\" data-type=\"link\" data-id=\"www.am530somosradio.com\" target=\"_blank\" rel=\"noreferrer noopener\">www.am530somosradio.com<\/a> | Ciudad Aut\u00f3noma de Buenos Aires | 27.10.25<\/p>\n\n\n\n<p><\/p>\n","protected":false},"excerpt":{"rendered":"<p>Con la participaci\u00f3n de una red de veinticinco emisoras distribuidas en todo el pa\u00eds, AM 530 Somos Radio realiz\u00f3 este domingo una cobertura federal hist\u00f3rica de las elecciones legislativas junto a la Asociaci\u00f3n de Radios Universitarias Nacionales Argentinas (ARUNA). La transmisi\u00f3n se extendi\u00f3 desde el comienzo de los comicios, con periodistas y corresponsales en todas &hellip; <a href=\"https:\/\/amplitudmodulada.com.ar\/index.php\/noticia14017\/\" class=\"more-link\">Continu\u00e1 leyendo <span class=\"screen-reader-text\">AM 530 Somos Radio realiz\u00f3 una hist\u00f3rica transmisi\u00f3n federal de las elecciones legislativas<\/span><\/a><\/p>\n","protected":false},"author":1,"featured_media":0,"parent":0,"menu_order":0,"comment_status":"closed","ping_status":"closed","template":"","meta":{"footnotes":""},"class_list":["post-9771","page","type-page","status-publish","hentry"],"_links":{"self":[{"href":"https:\/\/amplitudmodulada.com.ar\/index.php\/wp-json\/wp\/v2\/pages\/9771","targetHints":{"allow":["GET"]}}],"collection":[{"href":"https:\/\/amplitudmodulada.com.ar\/index.php\/wp-json\/wp\/v2\/pages"}],"about":[{"href":"https:\/\/amplitudmodulada.com.ar\/index.php\/wp-json\/wp\/v2\/types\/page"}],"author":[{"embeddable":true,"href":"https:\/\/amplitudmodulada.com.ar\/index.php\/wp-json\/wp\/v2\/users\/1"}],"replies":[{"embeddable":true,"href":"https:\/\/amplitudmodulada.com.ar\/index.php\/wp-json\/wp\/v2\/comments?post=9771"}],"version-history":[{"count":4,"href":"https:\/\/amplitudmodulada.com.ar\/index.php\/wp-json\/wp\/v2\/pages\/9771\/revisions"}],"predecessor-version":[{"id":9776,"href":"https:\/\/amplitudmodulada.com.ar\/index.php\/wp-json\/wp\/v2\/pages\/9771\/revisions\/9776"}],"wp:attachment":[{"href":"https:\/\/amplitudmodulada.com.ar\/index.php\/wp-json\/wp\/v2\/media?parent=9771"}],"curies":[{"name":"wp","href":"https:\/\/api.w.org\/{rel}","templated":true}]}}