{"id":9807,"date":"2025-11-30T14:11:38","date_gmt":"2025-11-30T17:11:38","guid":{"rendered":"https:\/\/amplitudmodulada.com.ar\/?page_id=9807"},"modified":"2025-11-30T14:12:55","modified_gmt":"2025-11-30T17:12:55","slug":"noticia14023","status":"publish","type":"page","link":"https:\/\/amplitudmodulada.com.ar\/index.php\/noticia14023\/","title":{"rendered":"Comenz\u00f3 en Radio Perfil el programa &#8220;Tecnolog\u00eda y Negocios&#8221;"},"content":{"rendered":"\n<figure class=\"wp-block-image size-full\"><img loading=\"lazy\" decoding=\"async\" width=\"108\" height=\"100\" src=\"http:\/\/amplitudmodulada.com.ar\/wp-content\/uploads\/2025\/01\/1190-e1736939892706.png\" alt=\"\" class=\"wp-image-5412\"\/><\/figure>\n\n\n\n<p>&#8220;Tecnolog\u00eda y Negocios&#8221; es el nuevo programa de LR9 Radio Perfil, que se emite todos los mi\u00e9rcoles de 19.00 a 20.00 horas y que conducen An\u00edbal Caropreso y Ariel Gurmandi.<\/p>\n\n\n\n<p>&#8220;Tecnolog\u00eda y Negocios&#8221; apunta a reflejar la informaci\u00f3n y las novedades del universo tecnol\u00f3gico, en nuestro pa\u00eds y a nivel internacional.<\/p>\n\n\n\n<p>Adem\u00e1s, el programa ofrece un men\u00fa tem\u00b4\u00e1tico con lo \u00faltimo en la innovaci\u00f3n del sector, tendencias empresariales y estrategias de gesti\u00f3n en el mundo corporativo.<\/p>\n\n\n\n<p>Con invitados especiales a los estudios de Radio Perfil y entrevistas con profesionales del rubro, &#8220;Tecnolog\u00eda y Negocios&#8221; buscar\u00e1 convertirse en una referencia indispensable para ejecutivos, emprendedores y consultores.<\/p>\n\n\n\n<p>&#8220;Adem\u00e1s, nuestra intenci\u00f3n es que el ciclo difunda historias reales de compa\u00f1\u00edas l\u00edderes, las nuevas tendencias en el mercado y darle visibilidad a profesionales que transforman desde su creatividad&#8221;, explic\u00f3 An\u00edbal Caropeso, uno de los conductores del ciclo.<\/p>\n\n\n\n<p>Fuente: <a href=\"http:\/\/www.perfil.com\" data-type=\"link\" data-id=\"www.perfil.com\" target=\"_blank\" rel=\"noreferrer noopener\">www.perfil.com<\/a> | Ciudad Aut\u00f3noma de Buenos Aires | 31.10.25<\/p>\n","protected":false},"excerpt":{"rendered":"<p>&#8220;Tecnolog\u00eda y Negocios&#8221; es el nuevo programa de LR9 Radio Perfil, que se emite todos los mi\u00e9rcoles de 19.00 a 20.00 horas y que conducen An\u00edbal Caropreso y Ariel Gurmandi. &#8220;Tecnolog\u00eda y Negocios&#8221; apunta a reflejar la informaci\u00f3n y las novedades del universo tecnol\u00f3gico, en nuestro pa\u00eds y a nivel internacional. Adem\u00e1s, el programa ofrece &hellip; <a href=\"https:\/\/amplitudmodulada.com.ar\/index.php\/noticia14023\/\" class=\"more-link\">Continu\u00e1 leyendo <span class=\"screen-reader-text\">Comenz\u00f3 en Radio Perfil el programa &#8220;Tecnolog\u00eda y Negocios&#8221;<\/span><\/a><\/p>\n","protected":false},"author":1,"featured_media":0,"parent":0,"menu_order":0,"comment_status":"closed","ping_status":"closed","template":"","meta":{"footnotes":""},"class_list":["post-9807","page","type-page","status-publish","hentry"],"_links":{"self":[{"href":"https:\/\/amplitudmodulada.com.ar\/index.php\/wp-json\/wp\/v2\/pages\/9807","targetHints":{"allow":["GET"]}}],"collection":[{"href":"https:\/\/amplitudmodulada.com.ar\/index.php\/wp-json\/wp\/v2\/pages"}],"about":[{"href":"https:\/\/amplitudmodulada.com.ar\/index.php\/wp-json\/wp\/v2\/types\/page"}],"author":[{"embeddable":true,"href":"https:\/\/amplitudmodulada.com.ar\/index.php\/wp-json\/wp\/v2\/users\/1"}],"replies":[{"embeddable":true,"href":"https:\/\/amplitudmodulada.com.ar\/index.php\/wp-json\/wp\/v2\/comments?post=9807"}],"version-history":[{"count":2,"href":"https:\/\/amplitudmodulada.com.ar\/index.php\/wp-json\/wp\/v2\/pages\/9807\/revisions"}],"predecessor-version":[{"id":9809,"href":"https:\/\/amplitudmodulada.com.ar\/index.php\/wp-json\/wp\/v2\/pages\/9807\/revisions\/9809"}],"wp:attachment":[{"href":"https:\/\/amplitudmodulada.com.ar\/index.php\/wp-json\/wp\/v2\/media?parent=9807"}],"curies":[{"name":"wp","href":"https:\/\/api.w.org\/{rel}","templated":true}]}}