{"id":9840,"date":"2025-12-01T20:48:49","date_gmt":"2025-12-01T23:48:49","guid":{"rendered":"https:\/\/amplitudmodulada.com.ar\/?page_id=9840"},"modified":"2025-12-01T20:51:26","modified_gmt":"2025-12-01T23:51:26","slug":"noticia14028","status":"publish","type":"page","link":"https:\/\/amplitudmodulada.com.ar\/index.php\/noticia14028\/","title":{"rendered":"Mario Pergolini ser\u00e1 nuevamente el conductor de &#8220;Ranking Rock &amp; Pop&#8221;"},"content":{"rendered":"\n<figure class=\"wp-block-image size-full\"><img loading=\"lazy\" decoding=\"async\" width=\"127\" height=\"100\" src=\"http:\/\/amplitudmodulada.com.ar\/wp-content\/uploads\/2024\/01\/rockpop-e1706215602515.png\" alt=\"\" class=\"wp-image-613\"\/><\/figure>\n\n\n\n<p>Luego de ser invitado a los festejos de los cuarenta a\u00f1os de la emisora de Frecuencia Modulada Rock &amp; Pop, qued\u00f3 confirmado que el conductor de radio y televisi\u00f3n Mario Pergolini estar\u00e1 nuevamente al frente del programa &#8220;Ranking Rock &amp; Pop&#8221;.<\/p>\n\n\n\n<p>De esta manera y despu\u00e9s de muchos a\u00f1os, Mario Pergolini volver\u00e1 al mando, los domingos a las 10.00 horas, de la cuenta regresiva de las cuarenta canciones m\u00e1s votadas por los oyentes durante toda la semana.<\/p>\n\n\n\n<p>Con su reconocida pasi\u00f3n por el rock y una forma \u00fanica de contar la m\u00fasica, Mario Pergolini imprimir\u00e1 ritmo, contexto y mirada cr\u00edtica a un cl\u00e1sico de la radio moderna: historias de cada hit, an\u00e9cdotas, sopresas, estad\u00edsticas y la adrenalina de descubrir que tema llega al n\u00famero uno cada semana.<\/p>\n\n\n\n<p>El regreso de Mario Pergolini se concreta en el marco de los cuarenta a\u00f1os de Rock &amp; Pop, emisora que sigue siendo referencia de la cultura rock en Buenos Aires y que sale al aire en 95.9 Mhz.<\/p>\n\n\n\n<p>Fuente: <a href=\"http:\/\/www.fmrockandpop.com\" data-type=\"link\" data-id=\"www.fmrockandpop.com\" target=\"_blank\" rel=\"noreferrer noopener\">www.fmrockandpop.com<\/a> | Ciudad Aut\u00f3noma de Buenos Aires | 05.11.25<\/p>\n","protected":false},"excerpt":{"rendered":"<p>Luego de ser invitado a los festejos de los cuarenta a\u00f1os de la emisora de Frecuencia Modulada Rock &amp; Pop, qued\u00f3 confirmado que el conductor de radio y televisi\u00f3n Mario Pergolini estar\u00e1 nuevamente al frente del programa &#8220;Ranking Rock &amp; Pop&#8221;. De esta manera y despu\u00e9s de muchos a\u00f1os, Mario Pergolini volver\u00e1 al mando, los &hellip; <a href=\"https:\/\/amplitudmodulada.com.ar\/index.php\/noticia14028\/\" class=\"more-link\">Continu\u00e1 leyendo <span class=\"screen-reader-text\">Mario Pergolini ser\u00e1 nuevamente el conductor de &#8220;Ranking Rock &amp; Pop&#8221;<\/span><\/a><\/p>\n","protected":false},"author":1,"featured_media":0,"parent":0,"menu_order":0,"comment_status":"closed","ping_status":"closed","template":"","meta":{"footnotes":""},"class_list":["post-9840","page","type-page","status-publish","hentry"],"_links":{"self":[{"href":"https:\/\/amplitudmodulada.com.ar\/index.php\/wp-json\/wp\/v2\/pages\/9840","targetHints":{"allow":["GET"]}}],"collection":[{"href":"https:\/\/amplitudmodulada.com.ar\/index.php\/wp-json\/wp\/v2\/pages"}],"about":[{"href":"https:\/\/amplitudmodulada.com.ar\/index.php\/wp-json\/wp\/v2\/types\/page"}],"author":[{"embeddable":true,"href":"https:\/\/amplitudmodulada.com.ar\/index.php\/wp-json\/wp\/v2\/users\/1"}],"replies":[{"embeddable":true,"href":"https:\/\/amplitudmodulada.com.ar\/index.php\/wp-json\/wp\/v2\/comments?post=9840"}],"version-history":[{"count":3,"href":"https:\/\/amplitudmodulada.com.ar\/index.php\/wp-json\/wp\/v2\/pages\/9840\/revisions"}],"predecessor-version":[{"id":9844,"href":"https:\/\/amplitudmodulada.com.ar\/index.php\/wp-json\/wp\/v2\/pages\/9840\/revisions\/9844"}],"wp:attachment":[{"href":"https:\/\/amplitudmodulada.com.ar\/index.php\/wp-json\/wp\/v2\/media?parent=9840"}],"curies":[{"name":"wp","href":"https:\/\/api.w.org\/{rel}","templated":true}]}}