{"id":9922,"date":"2025-12-04T20:39:22","date_gmt":"2025-12-04T23:39:22","guid":{"rendered":"https:\/\/amplitudmodulada.com.ar\/?page_id=9922"},"modified":"2025-12-04T20:50:48","modified_gmt":"2025-12-04T23:50:48","slug":"noticia14039","status":"publish","type":"page","link":"https:\/\/amplitudmodulada.com.ar\/index.php\/noticia14039\/","title":{"rendered":"Advierten sobre el posible &#8220;apag\u00f3n&#8221; de la emisora de Frecuencia Modulada de LRA3 Radio Nacional Santa Rosa"},"content":{"rendered":"\n<figure class=\"wp-block-image size-full\"><img loading=\"lazy\" decoding=\"async\" width=\"110\" height=\"110\" src=\"http:\/\/amplitudmodulada.com.ar\/wp-content\/uploads\/2024\/10\/LRA-e1728000015658.jpg\" alt=\"\" class=\"wp-image-4179\"\/><\/figure>\n\n\n\n<p>El Sindicato de Prensa Zona Sur emiti\u00f3 este viernes una advertencia sobre la posibilidad de un apag\u00f3n de la se\u00f1al de Frecuencia Modulada de LRA3 Radio Nacional Santa Rosa.<\/p>\n\n\n\n<p>Seg\u00fan trascendidos, esa se\u00f1al pasar\u00eda a retransmitir las veinticuatro horas la programaci\u00f3n de LRA1 Radio Nacional Buenos Aires, quedando la producci\u00f3n de programas locales limitada solo a la se\u00f1al de Amplitud Modulada.<\/p>\n\n\n\n<p>Actualmente, la emisora p\u00fablica de Santa Rosa distribuye su programaci\u00f3n con un mix entre contenidos porte\u00f1os y ocho programas producidos \u00edntegramente en La Pampa.<\/p>\n\n\n\n<p>De concretarse la medida, la radio local perder\u00eda gran parte de su llegada a la audiencia de la capital provincial, que pasar\u00eda a escuchar noticias exclusivas de la agenda porte\u00f1a.<\/p>\n\n\n\n<p>En ese sentido, la entidad sindical record\u00f3 que una medida similar de vaciamiento del sistema de medios p\u00fablicos se tom\u00f3 durante la presidencia de Mauricio Macri, tambi\u00e9n de forma inconsulta con trabajadores y trabajadoras.<\/p>\n\n\n\n<p>Advierte, el Sindicato de Prensa Zona Sur que la intenci\u00f3n de &#8220;vaciar el sistema de medios p\u00fablicos&#8221; se vuelve a manifestar desde las m\u00e1ximas autoridades a nivel nacional.<\/p>\n\n\n\n<p>Fuente: <a href=\"http:\/\/www.eldiariodelapampa.com.ar\" data-type=\"link\" data-id=\"www.eldiariodelapampa.com.ar\" target=\"_blank\" rel=\"noreferrer noopener\">www.eldiariodelapampa.com.ar<\/a> | Santa Rosa &#8211; La Pampa | 14.11.25<\/p>\n\n\n\n<p><\/p>\n","protected":false},"excerpt":{"rendered":"<p>El Sindicato de Prensa Zona Sur emiti\u00f3 este viernes una advertencia sobre la posibilidad de un apag\u00f3n de la se\u00f1al de Frecuencia Modulada de LRA3 Radio Nacional Santa Rosa. Seg\u00fan trascendidos, esa se\u00f1al pasar\u00eda a retransmitir las veinticuatro horas la programaci\u00f3n de LRA1 Radio Nacional Buenos Aires, quedando la producci\u00f3n de programas locales limitada solo &hellip; <a href=\"https:\/\/amplitudmodulada.com.ar\/index.php\/noticia14039\/\" class=\"more-link\">Continu\u00e1 leyendo <span class=\"screen-reader-text\">Advierten sobre el posible &#8220;apag\u00f3n&#8221; de la emisora de Frecuencia Modulada de LRA3 Radio Nacional Santa Rosa<\/span><\/a><\/p>\n","protected":false},"author":1,"featured_media":0,"parent":0,"menu_order":0,"comment_status":"closed","ping_status":"closed","template":"","meta":{"footnotes":""},"class_list":["post-9922","page","type-page","status-publish","hentry"],"_links":{"self":[{"href":"https:\/\/amplitudmodulada.com.ar\/index.php\/wp-json\/wp\/v2\/pages\/9922","targetHints":{"allow":["GET"]}}],"collection":[{"href":"https:\/\/amplitudmodulada.com.ar\/index.php\/wp-json\/wp\/v2\/pages"}],"about":[{"href":"https:\/\/amplitudmodulada.com.ar\/index.php\/wp-json\/wp\/v2\/types\/page"}],"author":[{"embeddable":true,"href":"https:\/\/amplitudmodulada.com.ar\/index.php\/wp-json\/wp\/v2\/users\/1"}],"replies":[{"embeddable":true,"href":"https:\/\/amplitudmodulada.com.ar\/index.php\/wp-json\/wp\/v2\/comments?post=9922"}],"version-history":[{"count":3,"href":"https:\/\/amplitudmodulada.com.ar\/index.php\/wp-json\/wp\/v2\/pages\/9922\/revisions"}],"predecessor-version":[{"id":9926,"href":"https:\/\/amplitudmodulada.com.ar\/index.php\/wp-json\/wp\/v2\/pages\/9922\/revisions\/9926"}],"wp:attachment":[{"href":"https:\/\/amplitudmodulada.com.ar\/index.php\/wp-json\/wp\/v2\/media?parent=9922"}],"curies":[{"name":"wp","href":"https:\/\/api.w.org\/{rel}","templated":true}]}}