{"id":9962,"date":"2025-12-06T13:56:24","date_gmt":"2025-12-06T16:56:24","guid":{"rendered":"https:\/\/amplitudmodulada.com.ar\/?page_id=9962"},"modified":"2025-12-06T14:04:37","modified_gmt":"2025-12-06T17:04:37","slug":"noticia14045","status":"publish","type":"page","link":"https:\/\/amplitudmodulada.com.ar\/index.php\/noticia14045\/","title":{"rendered":"El gobierno nacional abrir\u00e1 el retiro voluntario en los medios p\u00fablicos"},"content":{"rendered":"\n<figure class=\"wp-block-image size-full\"><img loading=\"lazy\" decoding=\"async\" width=\"110\" height=\"110\" src=\"http:\/\/amplitudmodulada.com.ar\/wp-content\/uploads\/2024\/10\/LRA-e1728000015658.jpg\" alt=\"\" class=\"wp-image-4179\"\/><\/figure>\n\n\n\n<p>Seg\u00fan destaca este mi\u00e9rcoles 19 de noviembre el diario La Naci\u00f3n, el gobierno nacional se prepara para abrir en el corto plazo el retiro voluntario en el \u00e1rea de los medios p\u00fablicos, con la idea de recortar la planta de empleados.<\/p>\n\n\n\n<p>La medida comenzar\u00e1 a tomar forma en los p\u00b4r\u00f3ximos d\u00edas y ser\u00e1 implementada por Javier Lanari, designado en la Secretar\u00eda de Medios y Comunicaci\u00f3n.<\/p>\n\n\n\n<p>Tras los cambios que llevaron a Manuel Adorni a la Jefatura de Gabinete, Javier Lanari qued\u00f3 debajo suyo en la estructura que se edific\u00f3 tras la salida de Guillermo Francos.<\/p>\n\n\n\n<p>En gobierno nacional hablan de una planta de mil trescientos empleados en la Televisi\u00f3n P\u00fablica y mil cien en Radio Nacional.<\/p>\n\n\n\n<p>&#8220;Nuestra idea es ajustar y hacer m\u00e1s eficientes los medios con recursos propios. La radio l\u00edder en Argentina tiene trescientos empleados en el pa\u00eds y la oficial, pr\u00e1cticamente la cuadriplica&#8221;, dijeron fuentes del Ejecutivo Nacional.<\/p>\n\n\n\n<p>Radio Nacional cuenta con cuarenta y nueve emisoras en todo el pa\u00eds.<\/p>\n\n\n\n<p>Fuente: <a href=\"http:\/\/www.lanacion.com.ar\" data-type=\"link\" data-id=\"www.lanacion.com.ar\" target=\"_blank\" rel=\"noreferrer noopener\">www.lanacion.com.ar<\/a> | Ciudad Aut\u00f3noma de Buenos Aires | 19.11.25<\/p>\n","protected":false},"excerpt":{"rendered":"<p>Seg\u00fan destaca este mi\u00e9rcoles 19 de noviembre el diario La Naci\u00f3n, el gobierno nacional se prepara para abrir en el corto plazo el retiro voluntario en el \u00e1rea de los medios p\u00fablicos, con la idea de recortar la planta de empleados. La medida comenzar\u00e1 a tomar forma en los p\u00b4r\u00f3ximos d\u00edas y ser\u00e1 implementada por &hellip; <a href=\"https:\/\/amplitudmodulada.com.ar\/index.php\/noticia14045\/\" class=\"more-link\">Continu\u00e1 leyendo <span class=\"screen-reader-text\">El gobierno nacional abrir\u00e1 el retiro voluntario en los medios p\u00fablicos<\/span><\/a><\/p>\n","protected":false},"author":1,"featured_media":0,"parent":0,"menu_order":0,"comment_status":"closed","ping_status":"closed","template":"","meta":{"footnotes":""},"class_list":["post-9962","page","type-page","status-publish","hentry"],"_links":{"self":[{"href":"https:\/\/amplitudmodulada.com.ar\/index.php\/wp-json\/wp\/v2\/pages\/9962","targetHints":{"allow":["GET"]}}],"collection":[{"href":"https:\/\/amplitudmodulada.com.ar\/index.php\/wp-json\/wp\/v2\/pages"}],"about":[{"href":"https:\/\/amplitudmodulada.com.ar\/index.php\/wp-json\/wp\/v2\/types\/page"}],"author":[{"embeddable":true,"href":"https:\/\/amplitudmodulada.com.ar\/index.php\/wp-json\/wp\/v2\/users\/1"}],"replies":[{"embeddable":true,"href":"https:\/\/amplitudmodulada.com.ar\/index.php\/wp-json\/wp\/v2\/comments?post=9962"}],"version-history":[{"count":2,"href":"https:\/\/amplitudmodulada.com.ar\/index.php\/wp-json\/wp\/v2\/pages\/9962\/revisions"}],"predecessor-version":[{"id":9965,"href":"https:\/\/amplitudmodulada.com.ar\/index.php\/wp-json\/wp\/v2\/pages\/9962\/revisions\/9965"}],"wp:attachment":[{"href":"https:\/\/amplitudmodulada.com.ar\/index.php\/wp-json\/wp\/v2\/media?parent=9962"}],"curies":[{"name":"wp","href":"https:\/\/api.w.org\/{rel}","templated":true}]}}